{"id":4553,"date":"2022-05-05T08:28:38","date_gmt":"2022-05-05T08:28:38","guid":{"rendered":"http:\/\/egger-oskar.it\/ueber-uns\/"},"modified":"2023-02-01T15:28:15","modified_gmt":"2023-02-01T15:28:15","slug":"ueber-uns","status":"publish","type":"page","link":"https:\/\/www.egger-oskar.it\/de\/ueber-uns\/","title":{"rendered":"\u00dcber uns"},"content":{"rendered":"\t\t<div data-elementor-type=\"wp-page\" data-elementor-id=\"4553\" class=\"elementor elementor-4553 elementor-116\" data-elementor-post-type=\"page\">\n\t\t\t\t\t\t<section class=\"elementor-section elementor-top-section elementor-element elementor-element-b839c60 elementor-section-full_width elementor-section-height-min-height elementor-section-items-stretch elementor-section-content-middle elementor-section-height-default\" data-id=\"b839c60\" data-element_type=\"section\" data-e-type=\"section\">\n\t\t\t\t\t\t<div class=\"elementor-container elementor-column-gap-default\">\n\t\t\t\t\t<div class=\"elementor-column elementor-col-50 elementor-top-column elementor-element elementor-element-61c96eef\" data-id=\"61c96eef\" data-element_type=\"column\" data-e-type=\"column\" data-settings=\"{&quot;background_background&quot;:&quot;classic&quot;}\">\n\t\t\t<div class=\"elementor-widget-wrap elementor-element-populated\">\n\t\t\t\t\t\t<div class=\"elementor-element elementor-element-e61c9f0 elementor-hidden-tablet elementor-hidden-mobile elementor-widget elementor-widget-spacer\" data-id=\"e61c9f0\" data-element_type=\"widget\" data-e-type=\"widget\" data-widget_type=\"spacer.default\">\n\t\t\t\t<div class=\"elementor-widget-container\">\n\t\t\t\t\t\t\t<div class=\"elementor-spacer\">\n\t\t\t<div class=\"elementor-spacer-inner\"><\/div>\n\t\t<\/div>\n\t\t\t\t\t\t<\/div>\n\t\t\t\t<\/div>\n\t\t\t\t<div class=\"elementor-element elementor-element-9a15d5b elementor-widget elementor-widget-heading\" data-id=\"9a15d5b\" data-element_type=\"widget\" data-e-type=\"widget\" data-widget_type=\"heading.default\">\n\t\t\t\t<div class=\"elementor-widget-container\">\n\t\t\t\t\t<h1 class=\"elementor-heading-title elementor-size-default\">Egger Oskar &amp; Co.,\nReinigungsprofis<\/h1>\t\t\t\t<\/div>\n\t\t\t\t<\/div>\n\t\t\t\t<div class=\"elementor-element elementor-element-592ce1a elementor-widget elementor-widget-heading\" data-id=\"592ce1a\" data-element_type=\"widget\" data-e-type=\"widget\" data-widget_type=\"heading.default\">\n\t\t\t\t<div class=\"elementor-widget-container\">\n\t\t\t\t\t<h2 class=\"elementor-heading-title elementor-size-default\">Das Unternehmen in Meran ist auf den Verkauf und die Wartung von Ger\u00e4ten f\u00fcr die industrielle Reinigung spezialisiert.<\/h2>\t\t\t\t<\/div>\n\t\t\t\t<\/div>\n\t\t\t\t<div class=\"elementor-element elementor-element-2b684339 elementor-widget elementor-widget-text-editor\" data-id=\"2b684339\" data-element_type=\"widget\" data-e-type=\"widget\" data-widget_type=\"text-editor.default\">\n\t\t\t\t<div class=\"elementor-widget-container\">\n\t\t\t\t\t\t\t\t\t<p>\u00abUnser Unternehmen entstand im Jahre 1987 nach dem Besuch einer Fachmesse in Trient\u00bb erkl\u00e4rt Christina, Inhaberin, zusammen mit ihrem Bruder Oskar. \u00abDort haben wir Vertreter eines f\u00fchrenden Unternehmens auf dem Sektor der Hochdruckreiniger kennen gelernt und eine f\u00fcr uns gute Investitionsm\u00f6glichkeit erkannt\u00bb. <span style=\"color: var( --e-global-color-text ); font-family: var( --e-global-typography-text-font-family ), Sans-serif; font-size: var( --e-global-typography-text-font-size ); font-style: var( --e-global-typography-text-font-style ); letter-spacing: var( --e-global-typography-text-letter-spacing ); text-decoration: var( --e-global-typography-text-text-decoration ); background-color: var( --e-global-color-94fe9d4 );\">In der Tat sicherten sich die Geschwister Egger die Alleinvertretung f\u00fcr die <strong>Provinz Bozen<\/strong> , begannen mit dem Vertrieb von <strong>industriellen Reinigungsger\u00e4ten und gr\u00fcndeten die Firma Egger Oskar &amp; Co.<\/strong>\u00abMein Bruder kannte die Branche, <strong>denn er arbeitete bereits vorher als Vertreter f\u00fcr Reinigungsmaschinen,<\/strong>ich war ehemalige B\u00fcroangestellte und k\u00fcmmerte mich nun um die Verwaltung, w\u00e4hrend Oskar den technischen Teil und den Vertrieb \u00fcbernahm\u00bb.<\/span><span style=\"color: var( --e-global-color-text ); font-family: var( --e-global-typography-text-font-family ), Sans-serif; font-size: var( --e-global-typography-text-font-size ); font-style: var( --e-global-typography-text-font-style ); letter-spacing: var( --e-global-typography-text-letter-spacing ); text-decoration: var( --e-global-typography-text-text-decoration ); background-color: var( --e-global-color-94fe9d4 );\"> <\/span><\/p>\n\t\t\t\t\t\t\t\t<\/div>\n\t\t\t\t<\/div>\n\t\t\t\t\t<\/div>\n\t\t<\/div>\n\t\t\t\t<div class=\"elementor-column elementor-col-50 elementor-top-column elementor-element elementor-element-7e8e04cd\" data-id=\"7e8e04cd\" data-element_type=\"column\" data-e-type=\"column\" data-settings=\"{&quot;background_background&quot;:&quot;classic&quot;}\">\n\t\t\t<div class=\"elementor-widget-wrap elementor-element-populated\">\n\t\t\t\t\t\t<div class=\"elementor-element elementor-element-179c1901 elementor-widget elementor-widget-spacer\" data-id=\"179c1901\" data-element_type=\"widget\" data-e-type=\"widget\" data-widget_type=\"spacer.default\">\n\t\t\t\t<div class=\"elementor-widget-container\">\n\t\t\t\t\t\t\t<div class=\"elementor-spacer\">\n\t\t\t<div class=\"elementor-spacer-inner\"><\/div>\n\t\t<\/div>\n\t\t\t\t\t\t<\/div>\n\t\t\t\t<\/div>\n\t\t\t\t\t<\/div>\n\t\t<\/div>\n\t\t\t\t\t<\/div>\n\t\t<\/section>\n\t\t\t\t<section class=\"elementor-section elementor-top-section elementor-element elementor-element-f3ace87 elementor-section-full_width elementor-section-height-min-height elementor-section-items-stretch elementor-section-content-middle elementor-section-height-default\" data-id=\"f3ace87\" data-element_type=\"section\" data-e-type=\"section\">\n\t\t\t\t\t\t<div class=\"elementor-container elementor-column-gap-default\">\n\t\t\t\t\t<div class=\"elementor-column elementor-col-50 elementor-top-column elementor-element elementor-element-ed02b8f elementor-hidden-tablet elementor-hidden-mobile\" data-id=\"ed02b8f\" data-element_type=\"column\" data-e-type=\"column\" data-settings=\"{&quot;background_background&quot;:&quot;classic&quot;}\">\n\t\t\t<div class=\"elementor-widget-wrap elementor-element-populated\">\n\t\t\t\t\t<div class=\"elementor-background-overlay\"><\/div>\n\t\t\t\t\t\t<div class=\"elementor-element elementor-element-b6e33eb elementor-widget elementor-widget-spacer\" data-id=\"b6e33eb\" data-element_type=\"widget\" data-e-type=\"widget\" data-widget_type=\"spacer.default\">\n\t\t\t\t<div class=\"elementor-widget-container\">\n\t\t\t\t\t\t\t<div class=\"elementor-spacer\">\n\t\t\t<div class=\"elementor-spacer-inner\"><\/div>\n\t\t<\/div>\n\t\t\t\t\t\t<\/div>\n\t\t\t\t<\/div>\n\t\t\t\t\t<\/div>\n\t\t<\/div>\n\t\t\t\t<div class=\"elementor-column elementor-col-50 elementor-top-column elementor-element elementor-element-6586c8c\" data-id=\"6586c8c\" data-element_type=\"column\" data-e-type=\"column\" data-settings=\"{&quot;background_background&quot;:&quot;classic&quot;}\">\n\t\t\t<div class=\"elementor-widget-wrap elementor-element-populated\">\n\t\t\t\t\t\t<div class=\"elementor-element elementor-element-dddb6f4 elementor-widget elementor-widget-text-editor\" data-id=\"dddb6f4\" data-element_type=\"widget\" data-e-type=\"widget\" data-widget_type=\"text-editor.default\">\n\t\t\t\t<div class=\"elementor-widget-container\">\n\t\t\t\t\t\t\t\t\t<p>Der Erfolg stellte sich sofort ein: &#8220;Damals gab es nur wenige Unternehmen, die \u00fcber diese Art von Maschinen verf\u00fcgten, nur einige Mechaniker und Tankstellen, so dass sofort eine Nachfrage bestand. Heute z\u00e4hlen wir gro\u00dfe und kleine Unternehmen zu unseren Kunden: Handwerker und Landwirte, Gastbetriebe und Werkst\u00e4tten, aber auch Privatpersonen, <strong>die Reinigungsmaschinen f\u00fcr gro\u00dfe Fl\u00e4chen ben\u00f6tigen<\/strong>&#8220;, erz\u00e4hlt Christina.  Von nun an arbeiteten sie zu dritt. Bis 2001 befand sich der Sitz des Unternehmens in Lana, dann wurde eine gro\u00dfe Halle im Gewerbegebiet von Sinich, einem Ortsteil von Meran, gebaut, wo sich heute der Sitz des Unternehmens befindet. <span style=\"color: var( --e-global-color-text ); font-family: var( --e-global-typography-text-font-family ), Sans-serif; font-size: var( --e-global-typography-text-font-size ); font-style: var( --e-global-typography-text-font-style ); letter-spacing: var( --e-global-typography-text-letter-spacing ); text-decoration: var( --e-global-typography-text-text-decoration ); background-color: var( --e-global-color-94fe9d4 );\">&#8220;Die Kunden kommen zu uns in den Unternehmenssitz, um sich die Maschinen vorf\u00fchren zu lassen, denn in dieser Branche gibt es nichts Besseres als selbst zu testen. Die Kunden sehen mit eigenen Augen, wie die B\u00f6den im Ausstellungsraum, die aus widerstandsf\u00e4higem Stein aus dem Martell-Tal bestehen, gereinigt werden, und sie sehen selbst, wie gut bestimmte Maschinen funktionieren.\u201d Bei Besuchen in verschiedenen Werkst\u00e4tten, stellten Oskar und Christina au\u00dferdem fest, dass auch der Bedarf an weiteren technischen Ger\u00e4ten gro\u00df ist, weshalb sie, zus\u00e4tzlich zu den Reinigungsger\u00e4ten, auch Kompressoren, Hei\u00dfluftgeneratoren, Hebevorrichtungen, Auswuchtsysteme und viele weitere Produkte f\u00fcr Werkst\u00e4tten, ins Sortiment aufgenommen haben. Schon von Anfang an bemerkten Oskar und Christina an, dass Viele technische <strong>Vorrichtungen ben\u00f6tigten<\/strong>, so dass sie den Dienstleistungen mit <strong>Reinigungsmaterial<\/strong> den Verkauf von <strong>Hei\u00dfluftkompressoren<\/strong>, Hebevorrichtungen, Auswuchtsystemen und allem dem, was in einer Werkstatt n\u00fctzlich ist, beiordneten. <\/span><\/p>\n\t\t\t\t\t\t\t\t<\/div>\n\t\t\t\t<\/div>\n\t\t\t\t\t<\/div>\n\t\t<\/div>\n\t\t\t\t\t<\/div>\n\t\t<\/section>\n\t\t\t\t<section class=\"elementor-section elementor-top-section elementor-element elementor-element-2b2dde8 elementor-section-full_width elementor-section-content-middle elementor-reverse-tablet elementor-reverse-mobile elementor-section-height-min-height elementor-section-items-bottom elementor-section-height-default\" data-id=\"2b2dde8\" data-element_type=\"section\" data-e-type=\"section\" id=\"expert\">\n\t\t\t\t\t\t<div class=\"elementor-container elementor-column-gap-default\">\n\t\t\t\t\t<div class=\"elementor-column elementor-col-100 elementor-top-column elementor-element elementor-element-4f38a04c\" data-id=\"4f38a04c\" data-element_type=\"column\" data-e-type=\"column\" data-settings=\"{&quot;background_background&quot;:&quot;classic&quot;}\">\n\t\t\t<div class=\"elementor-widget-wrap elementor-element-populated\">\n\t\t\t\t\t\t<div class=\"elementor-element elementor-element-266b3487 elementor-widget elementor-widget-heading\" data-id=\"266b3487\" data-element_type=\"widget\" data-e-type=\"widget\" data-widget_type=\"heading.default\">\n\t\t\t\t<div class=\"elementor-widget-container\">\n\t\t\t\t\t<h2 class=\"elementor-heading-title elementor-size-default\">\"Die Kunden sch\u00e4tzen uns, weil wir Maschinen von bew\u00e4hrter Qualit\u00e4t verkaufen und technische Unterst\u00fctzung und Wartung anbieten.\"<\/h2>\t\t\t\t<\/div>\n\t\t\t\t<\/div>\n\t\t\t\t\t<\/div>\n\t\t<\/div>\n\t\t\t\t\t<\/div>\n\t\t<\/section>\n\t\t\t\t<section class=\"elementor-section elementor-top-section elementor-element elementor-element-019623b elementor-section-full_width elementor-section-height-min-height elementor-section-items-stretch elementor-section-content-middle elementor-section-height-default\" data-id=\"019623b\" data-element_type=\"section\" data-e-type=\"section\">\n\t\t\t\t\t\t<div class=\"elementor-container elementor-column-gap-default\">\n\t\t\t\t\t<div class=\"elementor-column elementor-col-50 elementor-top-column elementor-element elementor-element-3f23e79\" data-id=\"3f23e79\" data-element_type=\"column\" data-e-type=\"column\" data-settings=\"{&quot;background_background&quot;:&quot;classic&quot;}\">\n\t\t\t<div class=\"elementor-widget-wrap elementor-element-populated\">\n\t\t\t\t\t\t<div class=\"elementor-element elementor-element-fe008b3 elementor-widget elementor-widget-text-editor\" data-id=\"fe008b3\" data-element_type=\"widget\" data-e-type=\"widget\" data-widget_type=\"text-editor.default\">\n\t\t\t\t<div class=\"elementor-widget-container\">\n\t\t\t\t\t\t\t\t\t<p>\u00ab<strong>Bei jedem Anruf kommen wir noch am selben oder sp\u00e4testens am folgenden Tag:<\/strong> einer unserer Techniker f\u00e4hrt los, um das Problem sofort vor Ort zu l\u00f6sen. Sollte dies nicht m\u00f6glich sein, bringen wir die Maschine in die Werkstatt und innerhalb von 48 Stunden ist alles OK\u00bb Ein sehr gesch\u00e4tzter Service in unserem Vertretungsgebiet &#8211; der gesamten <strong>Provinz Bozen<\/strong>.<\/p>\n<p>\u00abWir haben Kunden, die uns seit 30 Jahren treu sind und die ganze Entwicklung der Branche mitverfolgten, auch weil die <strong>Unternehmen im Laufe der Zeit immer mehr Aufmerksamkeit auf Ordnung und Sauberkeit<\/strong> richten mussten. Und die Technologie unserer Maschinen passte sich diesem Bed\u00fcrfnis an\u00bb sagt Christina. <\/p>\n\t\t\t\t\t\t\t\t<\/div>\n\t\t\t\t<\/div>\n\t\t\t\t\t<\/div>\n\t\t<\/div>\n\t\t\t\t<div class=\"elementor-column elementor-col-50 elementor-top-column elementor-element elementor-element-2d40e4c\" data-id=\"2d40e4c\" data-element_type=\"column\" data-e-type=\"column\" data-settings=\"{&quot;background_background&quot;:&quot;classic&quot;}\">\n\t\t\t<div class=\"elementor-widget-wrap elementor-element-populated\">\n\t\t\t\t\t\t<div class=\"elementor-element elementor-element-f89c4e6 elementor-widget elementor-widget-spacer\" data-id=\"f89c4e6\" data-element_type=\"widget\" data-e-type=\"widget\" data-widget_type=\"spacer.default\">\n\t\t\t\t<div class=\"elementor-widget-container\">\n\t\t\t\t\t\t\t<div class=\"elementor-spacer\">\n\t\t\t<div class=\"elementor-spacer-inner\"><\/div>\n\t\t<\/div>\n\t\t\t\t\t\t<\/div>\n\t\t\t\t<\/div>\n\t\t\t\t\t<\/div>\n\t\t<\/div>\n\t\t\t\t\t<\/div>\n\t\t<\/section>\n\t\t\t\t<section class=\"elementor-section elementor-top-section elementor-element elementor-element-86fa235 elementor-section-full_width elementor-section-content-middle elementor-reverse-tablet elementor-reverse-mobile elementor-section-height-min-height elementor-section-items-bottom elementor-section-height-default\" data-id=\"86fa235\" data-element_type=\"section\" data-e-type=\"section\">\n\t\t\t\t\t\t<div class=\"elementor-container elementor-column-gap-default\">\n\t\t\t\t\t<div class=\"elementor-column elementor-col-100 elementor-top-column elementor-element elementor-element-7a75390\" data-id=\"7a75390\" data-element_type=\"column\" data-e-type=\"column\" data-settings=\"{&quot;background_background&quot;:&quot;classic&quot;}\">\n\t\t\t<div class=\"elementor-widget-wrap elementor-element-populated\">\n\t\t\t\t\t\t<div class=\"elementor-element elementor-element-3e11ff6 elementor-widget elementor-widget-heading\" data-id=\"3e11ff6\" data-element_type=\"widget\" data-e-type=\"widget\" data-widget_type=\"heading.default\">\n\t\t\t\t<div class=\"elementor-widget-container\">\n\t\t\t\t\t<h2 class=\"elementor-heading-title elementor-size-default\">\"Und das ist das Sch\u00f6ne an unserer Arbeit: sich weiterentwickeln, sich ver\u00e4ndern und neue Kunden zu gewinnen.\"<\/h2>\t\t\t\t<\/div>\n\t\t\t\t<\/div>\n\t\t\t\t\t<\/div>\n\t\t<\/div>\n\t\t\t\t\t<\/div>\n\t\t<\/section>\n\t\t\t\t<section class=\"elementor-section elementor-top-section elementor-element elementor-element-4f1c4b96 elementor-section-full_width elementor-section-height-min-height elementor-section-items-stretch elementor-section-content-middle elementor-reverse-tablet elementor-reverse-mobile elementor-section-height-default\" data-id=\"4f1c4b96\" data-element_type=\"section\" data-e-type=\"section\">\n\t\t\t\t\t\t<div class=\"elementor-container elementor-column-gap-default\">\n\t\t\t\t\t<div class=\"elementor-column elementor-col-50 elementor-top-column elementor-element elementor-element-21776360\" data-id=\"21776360\" data-element_type=\"column\" data-e-type=\"column\" data-settings=\"{&quot;background_background&quot;:&quot;classic&quot;}\">\n\t\t\t<div class=\"elementor-widget-wrap elementor-element-populated\">\n\t\t\t\t\t\t<div class=\"elementor-element elementor-element-1de3d7ac elementor-widget elementor-widget-heading\" data-id=\"1de3d7ac\" data-element_type=\"widget\" data-e-type=\"widget\" data-widget_type=\"heading.default\">\n\t\t\t\t<div class=\"elementor-widget-container\">\n\t\t\t\t\t<h2 class=\"elementor-heading-title elementor-size-default\">Entdecken Sie unsere Produkte<\/h2>\t\t\t\t<\/div>\n\t\t\t\t<\/div>\n\t\t\t\t<div class=\"elementor-element elementor-element-5cb99ee1 elementor-widget elementor-widget-text-editor\" data-id=\"5cb99ee1\" data-element_type=\"widget\" data-e-type=\"widget\" data-widget_type=\"text-editor.default\">\n\t\t\t\t<div class=\"elementor-widget-container\">\n\t\t\t\t\t\t\t\t\t<p>Wir bieten das umfangreichste Angebot an Hochdruckreinigern und professionellen Reinigungsmaschinen in Trentino S\u00fcdtirol<\/p>\n<p>Unsere Kunden sind vielf\u00e4ltig: gro\u00dfe und kleine Unternehmen, Handwerker und Landwirte, Gastbetriebe und Werkst\u00e4tten, aber auch Privatpersonen, die Reinigungsger\u00e4te f\u00fcr gro\u00dfe Fl\u00e4chen ben\u00f6tigen. Unsere Maschinen sind die fortschrittlichsten in jeder Kategorie.<\/p>\n\t\t\t\t\t\t\t\t<\/div>\n\t\t\t\t<\/div>\n\t\t\t\t<div class=\"elementor-element elementor-element-a86541e elementor-align-left elementor-widget elementor-widget-button\" data-id=\"a86541e\" data-element_type=\"widget\" data-e-type=\"widget\" data-widget_type=\"button.default\">\n\t\t\t\t<div class=\"elementor-widget-container\">\n\t\t\t\t\t\t\t\t\t<div class=\"elementor-button-wrapper\">\n\t\t\t\t\t<a class=\"elementor-button elementor-button-link elementor-size-sm elementor-animation-float\" href=\"https:\/\/www.egger-oskar.it\/de\/produkte\/\">\n\t\t\t\t\t\t<span class=\"elementor-button-content-wrapper\">\n\t\t\t\t\t\t<span class=\"elementor-button-icon\">\n\t\t\t\t\t\t\t<\/span>\n\t\t\t\t\t\t\t\t\t<span class=\"elementor-button-text\">Erfahren Sie mehr<\/span>\n\t\t\t\t\t<\/span>\n\t\t\t\t\t<\/a>\n\t\t\t\t<\/div>\n\t\t\t\t\t\t\t\t<\/div>\n\t\t\t\t<\/div>\n\t\t\t\t\t<\/div>\n\t\t<\/div>\n\t\t\t\t<div class=\"elementor-column elementor-col-50 elementor-top-column elementor-element elementor-element-6976ff59\" data-id=\"6976ff59\" data-element_type=\"column\" data-e-type=\"column\" data-settings=\"{&quot;background_background&quot;:&quot;classic&quot;}\">\n\t\t\t<div class=\"elementor-widget-wrap elementor-element-populated\">\n\t\t\t\t\t\t<div class=\"elementor-element elementor-element-4d688e97 elementor-widget elementor-widget-spacer\" data-id=\"4d688e97\" data-element_type=\"widget\" data-e-type=\"widget\" data-widget_type=\"spacer.default\">\n\t\t\t\t<div class=\"elementor-widget-container\">\n\t\t\t\t\t\t\t<div class=\"elementor-spacer\">\n\t\t\t<div class=\"elementor-spacer-inner\"><\/div>\n\t\t<\/div>\n\t\t\t\t\t\t<\/div>\n\t\t\t\t<\/div>\n\t\t\t\t\t<\/div>\n\t\t<\/div>\n\t\t\t\t\t<\/div>\n\t\t<\/section>\n\t\t\t\t<\/div>\n\t\t","protected":false},"excerpt":{"rendered":"<p>Egger Oskar &amp; Co., Reinigungsprofis Das Unternehmen in Meran ist auf den Verkauf und die Wartung von Ger\u00e4ten f\u00fcr die industrielle Reinigung spezialisiert. \u00abUnser Unternehmen entstand im Jahre 1987 nach dem Besuch einer Fachmesse in Trient\u00bb erkl\u00e4rt Christina, Inhaberin, zusammen mit ihrem Bruder Oskar. \u00abDort haben wir Vertreter eines f\u00fchrenden Unternehmens auf dem Sektor der [&hellip;]<\/p>\n","protected":false},"author":1,"featured_media":0,"parent":0,"menu_order":0,"comment_status":"closed","ping_status":"closed","template":"elementor_header_footer","meta":{"footnotes":""},"class_list":["post-4553","page","type-page","status-publish","hentry"],"yoast_head":"<!-- This site is optimized with the Yoast SEO plugin v27.5 - https:\/\/yoast.com\/product\/yoast-seo-wordpress\/ -->\n<title>\u00dcber uns - Egger<\/title>\n<meta name=\"robots\" content=\"index, follow, max-snippet:-1, max-image-preview:large, max-video-preview:-1\" \/>\n<link rel=\"canonical\" href=\"https:\/\/www.egger-oskar.it\/de\/ueber-uns\/\" \/>\n<meta property=\"og:locale\" content=\"de_DE\" \/>\n<meta property=\"og:type\" content=\"article\" \/>\n<meta property=\"og:title\" content=\"\u00dcber uns - Egger\" \/>\n<meta property=\"og:description\" content=\"Egger Oskar &amp; Co., Reinigungsprofis Das Unternehmen in Meran ist auf den Verkauf und die Wartung von Ger\u00e4ten f\u00fcr die industrielle Reinigung spezialisiert. \u00abUnser Unternehmen entstand im Jahre 1987 nach dem Besuch einer Fachmesse in Trient\u00bb erkl\u00e4rt Christina, Inhaberin, zusammen mit ihrem Bruder Oskar. \u00abDort haben wir Vertreter eines f\u00fchrenden Unternehmens auf dem Sektor der [&hellip;]\" \/>\n<meta property=\"og:url\" content=\"https:\/\/www.egger-oskar.it\/de\/ueber-uns\/\" \/>\n<meta property=\"og:site_name\" content=\"Egger\" \/>\n<meta property=\"article:modified_time\" content=\"2023-02-01T15:28:15+00:00\" \/>\n<meta name=\"twitter:card\" content=\"summary_large_image\" \/>\n<meta name=\"twitter:label1\" content=\"Est. reading time\" \/>\n\t<meta name=\"twitter:data1\" content=\"3 minutes\" \/>\n<script type=\"application\/ld+json\" class=\"yoast-schema-graph\">{\"@context\":\"https:\\\/\\\/schema.org\",\"@graph\":[{\"@type\":\"WebPage\",\"@id\":\"https:\\\/\\\/www.egger-oskar.it\\\/de\\\/ueber-uns\\\/\",\"url\":\"https:\\\/\\\/www.egger-oskar.it\\\/de\\\/ueber-uns\\\/\",\"name\":\"\u00dcber uns - Egger\",\"isPartOf\":{\"@id\":\"https:\\\/\\\/www.egger-oskar.it\\\/de\\\/#website\"},\"datePublished\":\"2022-05-05T08:28:38+00:00\",\"dateModified\":\"2023-02-01T15:28:15+00:00\",\"breadcrumb\":{\"@id\":\"https:\\\/\\\/www.egger-oskar.it\\\/de\\\/ueber-uns\\\/#breadcrumb\"},\"inLanguage\":\"de-DE\",\"potentialAction\":[{\"@type\":\"ReadAction\",\"target\":[\"https:\\\/\\\/www.egger-oskar.it\\\/de\\\/ueber-uns\\\/\"]}]},{\"@type\":\"BreadcrumbList\",\"@id\":\"https:\\\/\\\/www.egger-oskar.it\\\/de\\\/ueber-uns\\\/#breadcrumb\",\"itemListElement\":[{\"@type\":\"ListItem\",\"position\":1,\"name\":\"Home\",\"item\":\"https:\\\/\\\/www.egger-oskar.it\\\/de\\\/\"},{\"@type\":\"ListItem\",\"position\":2,\"name\":\"\u00dcber uns\"}]},{\"@type\":\"WebSite\",\"@id\":\"https:\\\/\\\/www.egger-oskar.it\\\/de\\\/#website\",\"url\":\"https:\\\/\\\/www.egger-oskar.it\\\/de\\\/\",\"name\":\"Egger\",\"description\":\"Idropulitrici Merano\",\"publisher\":{\"@id\":\"https:\\\/\\\/www.egger-oskar.it\\\/de\\\/#organization\"},\"potentialAction\":[{\"@type\":\"SearchAction\",\"target\":{\"@type\":\"EntryPoint\",\"urlTemplate\":\"https:\\\/\\\/www.egger-oskar.it\\\/de\\\/?s={search_term_string}\"},\"query-input\":{\"@type\":\"PropertyValueSpecification\",\"valueRequired\":true,\"valueName\":\"search_term_string\"}}],\"inLanguage\":\"de-DE\"},{\"@type\":\"Organization\",\"@id\":\"https:\\\/\\\/www.egger-oskar.it\\\/de\\\/#organization\",\"name\":\"Egger\",\"url\":\"https:\\\/\\\/www.egger-oskar.it\\\/de\\\/\",\"logo\":{\"@type\":\"ImageObject\",\"inLanguage\":\"de-DE\",\"@id\":\"https:\\\/\\\/www.egger-oskar.it\\\/de\\\/#\\\/schema\\\/logo\\\/image\\\/\",\"url\":\"https:\\\/\\\/www.egger-oskar.it\\\/wp-content\\\/uploads\\\/2022\\\/05\\\/egger.png\",\"contentUrl\":\"https:\\\/\\\/www.egger-oskar.it\\\/wp-content\\\/uploads\\\/2022\\\/05\\\/egger.png\",\"width\":250,\"height\":65,\"caption\":\"Egger\"},\"image\":{\"@id\":\"https:\\\/\\\/www.egger-oskar.it\\\/de\\\/#\\\/schema\\\/logo\\\/image\\\/\"}}]}<\/script>\n<!-- \/ Yoast SEO plugin. -->","yoast_head_json":{"title":"\u00dcber uns - Egger","robots":{"index":"index","follow":"follow","max-snippet":"max-snippet:-1","max-image-preview":"max-image-preview:large","max-video-preview":"max-video-preview:-1"},"canonical":"https:\/\/www.egger-oskar.it\/de\/ueber-uns\/","og_locale":"de_DE","og_type":"article","og_title":"\u00dcber uns - Egger","og_description":"Egger Oskar &amp; Co., Reinigungsprofis Das Unternehmen in Meran ist auf den Verkauf und die Wartung von Ger\u00e4ten f\u00fcr die industrielle Reinigung spezialisiert. \u00abUnser Unternehmen entstand im Jahre 1987 nach dem Besuch einer Fachmesse in Trient\u00bb erkl\u00e4rt Christina, Inhaberin, zusammen mit ihrem Bruder Oskar. \u00abDort haben wir Vertreter eines f\u00fchrenden Unternehmens auf dem Sektor der [&hellip;]","og_url":"https:\/\/www.egger-oskar.it\/de\/ueber-uns\/","og_site_name":"Egger","article_modified_time":"2023-02-01T15:28:15+00:00","twitter_card":"summary_large_image","twitter_misc":{"Est. reading time":"3 minutes"},"schema":{"@context":"https:\/\/schema.org","@graph":[{"@type":"WebPage","@id":"https:\/\/www.egger-oskar.it\/de\/ueber-uns\/","url":"https:\/\/www.egger-oskar.it\/de\/ueber-uns\/","name":"\u00dcber uns - Egger","isPartOf":{"@id":"https:\/\/www.egger-oskar.it\/de\/#website"},"datePublished":"2022-05-05T08:28:38+00:00","dateModified":"2023-02-01T15:28:15+00:00","breadcrumb":{"@id":"https:\/\/www.egger-oskar.it\/de\/ueber-uns\/#breadcrumb"},"inLanguage":"de-DE","potentialAction":[{"@type":"ReadAction","target":["https:\/\/www.egger-oskar.it\/de\/ueber-uns\/"]}]},{"@type":"BreadcrumbList","@id":"https:\/\/www.egger-oskar.it\/de\/ueber-uns\/#breadcrumb","itemListElement":[{"@type":"ListItem","position":1,"name":"Home","item":"https:\/\/www.egger-oskar.it\/de\/"},{"@type":"ListItem","position":2,"name":"\u00dcber uns"}]},{"@type":"WebSite","@id":"https:\/\/www.egger-oskar.it\/de\/#website","url":"https:\/\/www.egger-oskar.it\/de\/","name":"Egger","description":"Idropulitrici Merano","publisher":{"@id":"https:\/\/www.egger-oskar.it\/de\/#organization"},"potentialAction":[{"@type":"SearchAction","target":{"@type":"EntryPoint","urlTemplate":"https:\/\/www.egger-oskar.it\/de\/?s={search_term_string}"},"query-input":{"@type":"PropertyValueSpecification","valueRequired":true,"valueName":"search_term_string"}}],"inLanguage":"de-DE"},{"@type":"Organization","@id":"https:\/\/www.egger-oskar.it\/de\/#organization","name":"Egger","url":"https:\/\/www.egger-oskar.it\/de\/","logo":{"@type":"ImageObject","inLanguage":"de-DE","@id":"https:\/\/www.egger-oskar.it\/de\/#\/schema\/logo\/image\/","url":"https:\/\/www.egger-oskar.it\/wp-content\/uploads\/2022\/05\/egger.png","contentUrl":"https:\/\/www.egger-oskar.it\/wp-content\/uploads\/2022\/05\/egger.png","width":250,"height":65,"caption":"Egger"},"image":{"@id":"https:\/\/www.egger-oskar.it\/de\/#\/schema\/logo\/image\/"}}]}},"_links":{"self":[{"href":"https:\/\/www.egger-oskar.it\/de\/wp-json\/wp\/v2\/pages\/4553","targetHints":{"allow":["GET"]}}],"collection":[{"href":"https:\/\/www.egger-oskar.it\/de\/wp-json\/wp\/v2\/pages"}],"about":[{"href":"https:\/\/www.egger-oskar.it\/de\/wp-json\/wp\/v2\/types\/page"}],"author":[{"embeddable":true,"href":"https:\/\/www.egger-oskar.it\/de\/wp-json\/wp\/v2\/users\/1"}],"replies":[{"embeddable":true,"href":"https:\/\/www.egger-oskar.it\/de\/wp-json\/wp\/v2\/comments?post=4553"}],"version-history":[{"count":0,"href":"https:\/\/www.egger-oskar.it\/de\/wp-json\/wp\/v2\/pages\/4553\/revisions"}],"wp:attachment":[{"href":"https:\/\/www.egger-oskar.it\/de\/wp-json\/wp\/v2\/media?parent=4553"}],"curies":[{"name":"wp","href":"https:\/\/api.w.org\/{rel}","templated":true}]}}